{"id":156,"date":"2014-09-02T11:15:44","date_gmt":"2014-09-02T09:15:44","guid":{"rendered":"http:\/\/hs-seesen.de\/obs\/?page_id=156"},"modified":"2014-11-14T10:21:07","modified_gmt":"2014-11-14T09:21:07","slug":"stolpersteine","status":"publish","type":"page","link":"https:\/\/obs-seesen.de\/?page_id=156","title":{"rendered":"Stolpersteine"},"content":{"rendered":"<figure id=\"attachment_157\" aria-describedby=\"caption-attachment-157\" style=\"width: 300px\" class=\"wp-caption alignright\"><a href=\"http:\/\/hs-seesen.de\/obs\/wp-content\/uploads\/2014\/09\/stolperstein-300x400.jpg\"><img loading=\"lazy\" decoding=\"async\" class=\"wp-image-157 size-full\" src=\"http:\/\/obs-seesen.de\/wp-content\/uploads\/2014\/09\/stolperstein-300x400.jpg\" alt=\"Stolperstein f\u00fcr Julius Hamm 1922 - 1942 (Jacobsonstra\u00dfe, Seesen)\" width=\"300\" height=\"400\" srcset=\"https:\/\/obs-seesen.de\/wp-content\/uploads\/2014\/09\/stolperstein-300x400.jpg 300w, https:\/\/obs-seesen.de\/wp-content\/uploads\/2014\/09\/stolperstein-300x400-225x300.jpg 225w\" sizes=\"auto, (max-width: 300px) 100vw, 300px\" \/><\/a><figcaption id=\"caption-attachment-157\" class=\"wp-caption-text\">Stolperstein f\u00fcr Julius Hamm 1922 &#8211; 1942<\/figcaption><\/figure>\n<p>Die Oberschule Seesen hat 2011 die Patenschaft f\u00fcr einen <a title=\"stolpersteine.eu\" href=\"http:\/\/www.stolpersteine.eu\/\" target=\"_blank\">Stolperstein<\/a> (<a title=\"Wikipedia: Stolpersteine\" href=\"http:\/\/de.wikipedia.org\/wiki\/Stolpersteine\" target=\"_blank\">Wikipedia<\/a>) \u00fcbernommen, der an Gerhard Julius HAMM (1922 &#8211; 1942) erinnert, der Seesen 1938 verlassen musste, 1942 deportiert und im gleichen Jahr in Ausschwitz get\u00f6tet wurde.<\/p>\n<p>Der Stein liegt in der Jacobsonstra\u00dfe (Ecke Markt) vor dem letzten freiwillig gew\u00e4hlten Wohnsitz der Familie Hamm.<\/p>\n<p>Mit der\u00a0 Patenschaft will die Schule einen Beitrag leisten, die Erinnerung an das d\u00fcstere Kapitel der deutschen Vergangenheit aufrecht zu halten. Gleichzeitig bietet der Stein und die Biographie Julius Hamms einen Ankn\u00fcpfungspunkt f\u00fcr unsere Sch\u00fclerinnen und Sch\u00fcler im Geschichtsunterricht.<\/p>\n","protected":false},"excerpt":{"rendered":"<p>Die Oberschule Seesen hat 2011 die Patenschaft f\u00fcr einen Stolperstein (Wikipedia) \u00fcbernommen, der an Gerhard Julius HAMM (1922 &#8211; 1942) erinnert, der Seesen 1938 verlassen musste, 1942 deportiert und im gleichen Jahr in Ausschwitz get\u00f6tet wurde. Der Stein liegt in der Jacobsonstra\u00dfe (Ecke Markt) vor dem letzten freiwillig gew\u00e4hlten Wohnsitz der Familie Hamm. Mit der\u00a0 &hellip; <a href=\"https:\/\/obs-seesen.de\/?page_id=156\" class=\"more-link\"><span class=\"screen-reader-text\">Stolpersteine<\/span> weiterlesen <span class=\"meta-nav\">&rarr;<\/span><\/a><\/p>\n","protected":false},"author":2,"featured_media":0,"parent":52,"menu_order":0,"comment_status":"closed","ping_status":"closed","template":"","meta":{"footnotes":""},"class_list":["post-156","page","type-page","status-publish","hentry"],"yoast_head":"<!-- This site is optimized with the Yoast SEO plugin v27.5 - https:\/\/yoast.com\/product\/yoast-seo-wordpress\/ -->\n<title>Stolpersteine - Oberschule Seesen<\/title>\n<meta name=\"robots\" content=\"index, follow, max-snippet:-1, max-image-preview:large, max-video-preview:-1\" \/>\n<link rel=\"canonical\" href=\"https:\/\/obs-seesen.de\/?page_id=156\" \/>\n<meta property=\"og:locale\" content=\"de_DE\" \/>\n<meta property=\"og:type\" content=\"article\" \/>\n<meta property=\"og:title\" content=\"Stolpersteine - Oberschule Seesen\" \/>\n<meta property=\"og:description\" content=\"Die Oberschule Seesen hat 2011 die Patenschaft f\u00fcr einen Stolperstein (Wikipedia) \u00fcbernommen, der an Gerhard Julius HAMM (1922 &#8211; 1942) erinnert, der Seesen 1938 verlassen musste, 1942 deportiert und im gleichen Jahr in Ausschwitz get\u00f6tet wurde. Der Stein liegt in der Jacobsonstra\u00dfe (Ecke Markt) vor dem letzten freiwillig gew\u00e4hlten Wohnsitz der Familie Hamm. Mit der\u00a0 &hellip; Stolpersteine weiterlesen &rarr;\" \/>\n<meta property=\"og:url\" content=\"https:\/\/obs-seesen.de\/?page_id=156\" \/>\n<meta property=\"og:site_name\" content=\"Oberschule Seesen\" \/>\n<meta property=\"article:modified_time\" content=\"2014-11-14T09:21:07+00:00\" \/>\n<meta property=\"og:image\" content=\"http:\/\/obs-seesen.de\/wp-content\/uploads\/2014\/09\/stolperstein-300x400.jpg\" \/>\n<meta name=\"twitter:label1\" content=\"Gesch\u00e4tzte Lesezeit\" \/>\n\t<meta name=\"twitter:data1\" content=\"1\u00a0Minute\" \/>\n<script type=\"application\/ld+json\" class=\"yoast-schema-graph\">{\"@context\":\"https:\\\/\\\/schema.org\",\"@graph\":[{\"@type\":\"WebPage\",\"@id\":\"https:\\\/\\\/obs-seesen.de\\\/?page_id=156\",\"url\":\"https:\\\/\\\/obs-seesen.de\\\/?page_id=156\",\"name\":\"Stolpersteine - Oberschule Seesen\",\"isPartOf\":{\"@id\":\"https:\\\/\\\/obs-seesen.de\\\/#website\"},\"primaryImageOfPage\":{\"@id\":\"https:\\\/\\\/obs-seesen.de\\\/?page_id=156#primaryimage\"},\"image\":{\"@id\":\"https:\\\/\\\/obs-seesen.de\\\/?page_id=156#primaryimage\"},\"thumbnailUrl\":\"http:\\\/\\\/obs-seesen.de\\\/wp-content\\\/uploads\\\/2014\\\/09\\\/stolperstein-300x400.jpg\",\"datePublished\":\"2014-09-02T09:15:44+00:00\",\"dateModified\":\"2014-11-14T09:21:07+00:00\",\"breadcrumb\":{\"@id\":\"https:\\\/\\\/obs-seesen.de\\\/?page_id=156#breadcrumb\"},\"inLanguage\":\"de\",\"potentialAction\":[{\"@type\":\"ReadAction\",\"target\":[\"https:\\\/\\\/obs-seesen.de\\\/?page_id=156\"]}]},{\"@type\":\"ImageObject\",\"inLanguage\":\"de\",\"@id\":\"https:\\\/\\\/obs-seesen.de\\\/?page_id=156#primaryimage\",\"url\":\"http:\\\/\\\/obs-seesen.de\\\/wp-content\\\/uploads\\\/2014\\\/09\\\/stolperstein-300x400.jpg\",\"contentUrl\":\"http:\\\/\\\/obs-seesen.de\\\/wp-content\\\/uploads\\\/2014\\\/09\\\/stolperstein-300x400.jpg\"},{\"@type\":\"BreadcrumbList\",\"@id\":\"https:\\\/\\\/obs-seesen.de\\\/?page_id=156#breadcrumb\",\"itemListElement\":[{\"@type\":\"ListItem\",\"position\":1,\"name\":\"Home\",\"item\":\"https:\\\/\\\/obs-seesen.de\\\/\"},{\"@type\":\"ListItem\",\"position\":2,\"name\":\"Arbeitsschwerpunkte\",\"item\":\"https:\\\/\\\/obs-seesen.de\\\/?page_id=52\"},{\"@type\":\"ListItem\",\"position\":3,\"name\":\"Stolpersteine\"}]},{\"@type\":\"WebSite\",\"@id\":\"https:\\\/\\\/obs-seesen.de\\\/#website\",\"url\":\"https:\\\/\\\/obs-seesen.de\\\/\",\"name\":\"Oberschule Seesen\",\"description\":\"seit 1884 | Ganztagsschule | mit gymnasialem Angebot | Sch\u00fclerfriedenspreis 2015\",\"potentialAction\":[{\"@type\":\"SearchAction\",\"target\":{\"@type\":\"EntryPoint\",\"urlTemplate\":\"https:\\\/\\\/obs-seesen.de\\\/?s={search_term_string}\"},\"query-input\":{\"@type\":\"PropertyValueSpecification\",\"valueRequired\":true,\"valueName\":\"search_term_string\"}}],\"inLanguage\":\"de\"}]}<\/script>\n<!-- \/ Yoast SEO plugin. -->","yoast_head_json":{"title":"Stolpersteine - Oberschule Seesen","robots":{"index":"index","follow":"follow","max-snippet":"max-snippet:-1","max-image-preview":"max-image-preview:large","max-video-preview":"max-video-preview:-1"},"canonical":"https:\/\/obs-seesen.de\/?page_id=156","og_locale":"de_DE","og_type":"article","og_title":"Stolpersteine - Oberschule Seesen","og_description":"Die Oberschule Seesen hat 2011 die Patenschaft f\u00fcr einen Stolperstein (Wikipedia) \u00fcbernommen, der an Gerhard Julius HAMM (1922 &#8211; 1942) erinnert, der Seesen 1938 verlassen musste, 1942 deportiert und im gleichen Jahr in Ausschwitz get\u00f6tet wurde. Der Stein liegt in der Jacobsonstra\u00dfe (Ecke Markt) vor dem letzten freiwillig gew\u00e4hlten Wohnsitz der Familie Hamm. Mit der\u00a0 &hellip; Stolpersteine weiterlesen &rarr;","og_url":"https:\/\/obs-seesen.de\/?page_id=156","og_site_name":"Oberschule Seesen","article_modified_time":"2014-11-14T09:21:07+00:00","og_image":[{"url":"http:\/\/obs-seesen.de\/wp-content\/uploads\/2014\/09\/stolperstein-300x400.jpg","type":"","width":"","height":""}],"twitter_misc":{"Gesch\u00e4tzte Lesezeit":"1\u00a0Minute"},"schema":{"@context":"https:\/\/schema.org","@graph":[{"@type":"WebPage","@id":"https:\/\/obs-seesen.de\/?page_id=156","url":"https:\/\/obs-seesen.de\/?page_id=156","name":"Stolpersteine - Oberschule Seesen","isPartOf":{"@id":"https:\/\/obs-seesen.de\/#website"},"primaryImageOfPage":{"@id":"https:\/\/obs-seesen.de\/?page_id=156#primaryimage"},"image":{"@id":"https:\/\/obs-seesen.de\/?page_id=156#primaryimage"},"thumbnailUrl":"http:\/\/obs-seesen.de\/wp-content\/uploads\/2014\/09\/stolperstein-300x400.jpg","datePublished":"2014-09-02T09:15:44+00:00","dateModified":"2014-11-14T09:21:07+00:00","breadcrumb":{"@id":"https:\/\/obs-seesen.de\/?page_id=156#breadcrumb"},"inLanguage":"de","potentialAction":[{"@type":"ReadAction","target":["https:\/\/obs-seesen.de\/?page_id=156"]}]},{"@type":"ImageObject","inLanguage":"de","@id":"https:\/\/obs-seesen.de\/?page_id=156#primaryimage","url":"http:\/\/obs-seesen.de\/wp-content\/uploads\/2014\/09\/stolperstein-300x400.jpg","contentUrl":"http:\/\/obs-seesen.de\/wp-content\/uploads\/2014\/09\/stolperstein-300x400.jpg"},{"@type":"BreadcrumbList","@id":"https:\/\/obs-seesen.de\/?page_id=156#breadcrumb","itemListElement":[{"@type":"ListItem","position":1,"name":"Home","item":"https:\/\/obs-seesen.de\/"},{"@type":"ListItem","position":2,"name":"Arbeitsschwerpunkte","item":"https:\/\/obs-seesen.de\/?page_id=52"},{"@type":"ListItem","position":3,"name":"Stolpersteine"}]},{"@type":"WebSite","@id":"https:\/\/obs-seesen.de\/#website","url":"https:\/\/obs-seesen.de\/","name":"Oberschule Seesen","description":"seit 1884 | Ganztagsschule | mit gymnasialem Angebot | Sch\u00fclerfriedenspreis 2015","potentialAction":[{"@type":"SearchAction","target":{"@type":"EntryPoint","urlTemplate":"https:\/\/obs-seesen.de\/?s={search_term_string}"},"query-input":{"@type":"PropertyValueSpecification","valueRequired":true,"valueName":"search_term_string"}}],"inLanguage":"de"}]}},"_links":{"self":[{"href":"https:\/\/obs-seesen.de\/index.php?rest_route=\/wp\/v2\/pages\/156","targetHints":{"allow":["GET"]}}],"collection":[{"href":"https:\/\/obs-seesen.de\/index.php?rest_route=\/wp\/v2\/pages"}],"about":[{"href":"https:\/\/obs-seesen.de\/index.php?rest_route=\/wp\/v2\/types\/page"}],"author":[{"embeddable":true,"href":"https:\/\/obs-seesen.de\/index.php?rest_route=\/wp\/v2\/users\/2"}],"replies":[{"embeddable":true,"href":"https:\/\/obs-seesen.de\/index.php?rest_route=%2Fwp%2Fv2%2Fcomments&post=156"}],"version-history":[{"count":3,"href":"https:\/\/obs-seesen.de\/index.php?rest_route=\/wp\/v2\/pages\/156\/revisions"}],"predecessor-version":[{"id":260,"href":"https:\/\/obs-seesen.de\/index.php?rest_route=\/wp\/v2\/pages\/156\/revisions\/260"}],"up":[{"embeddable":true,"href":"https:\/\/obs-seesen.de\/index.php?rest_route=\/wp\/v2\/pages\/52"}],"wp:attachment":[{"href":"https:\/\/obs-seesen.de\/index.php?rest_route=%2Fwp%2Fv2%2Fmedia&parent=156"}],"curies":[{"name":"wp","href":"https:\/\/api.w.org\/{rel}","templated":true}]}}